{"id":138,"date":"2021-09-21T01:22:55","date_gmt":"2021-09-21T01:22:55","guid":{"rendered":"http:\/\/hagamoslumbre.org\/?page_id=138"},"modified":"2021-09-21T01:22:56","modified_gmt":"2021-09-21T01:22:56","slug":"jaimemartinezluna","status":"publish","type":"page","link":"https:\/\/hagamoslumbre.org\/index.php\/jaimemartinezluna\/","title":{"rendered":"Jaime Mart\u00ednez Luna"},"content":{"rendered":"\n<figure class=\"wp-block-image\"><img loading=\"lazy\" decoding=\"async\" width=\"1024\" height=\"576\" src=\"https:\/\/hagamoslumbre.org\/wp-content\/uploads\/2021\/09\/TY_Still-01_LunaMaran-1024x576.jpg\" alt=\"\" class=\"wp-image-139\" srcset=\"https:\/\/hagamoslumbre.org\/wp-content\/uploads\/2021\/09\/TY_Still-01_LunaMaran-1024x576.jpg 1024w, https:\/\/hagamoslumbre.org\/wp-content\/uploads\/2021\/09\/TY_Still-01_LunaMaran-300x169.jpg 300w, https:\/\/hagamoslumbre.org\/wp-content\/uploads\/2021\/09\/TY_Still-01_LunaMaran-768x432.jpg 768w\" sizes=\"auto, (max-width: 767px) 89vw, (max-width: 1000px) 54vw, (max-width: 1071px) 543px, 580px\" \/><\/figure>\n\n\n\n<h2 class=\"wp-block-heading\"><\/h2>\n\n\n\n<p><strong>Jaime Mart\u00ednez Luna<\/strong> es originario de <strong>Guelatao de Ju\u00e1rez<\/strong>, el se define as\u00ed mismo como Zapoteco Serrano. <br><br> Su trayectoria  acad\u00e9mica e intelectual lo condujo a enunciar un concepto que seg\u00fan  algunos especialistas resulta paradigm\u00e1tico y otros mas epistemol\u00f3gico,  Comunalidad. Seg\u00fan Benjam\u00edn Maldonado Alvarado, uno de sus principales  cr\u00edticos y analistas, afirma que la Comunalidad es una propuesta para  identificar a los indios que est\u00e1 m\u00e1s all\u00e1 del criterio puramente  ling\u00fc\u00edstico. Se refiere al modo de vida comunal que caracteriza a las  comunidades indias resaltando el tipo de vida y no s\u00f3lo su \u00e1mbito de  realizaci\u00f3n. La Comunalidad indica la voluntad individual de ser  colectividad y se distingue por la reiteraci\u00f3n c\u00edclica, cotidiana y  obligatoria de esta voluntad, por medio de la participaci\u00f3n en las  actividades de poder, trabajo, fiesta y relaci\u00f3n con el territorio. Esta  organizaci\u00f3n, para la expresi\u00f3n de tal voluntad colectivista, est\u00e1  firmemente cimentada en un denso tejido social comunitario y regional,  constituido por las m\u00faltiples (y costosas) relaciones festivas y  alianzas de parentesco consangu\u00edneo, as\u00ed como por el intercambio  reciproco de bienes.<\/p>\n\n\n\n<p>Datos Generales<\/p>\n\n\n\n<p>Nombre: Jaime Mart\u00ednez Luna<br> Fecha de nacimiento: 23 de junio de 1951<br> Lugar: Guelatao de Ju\u00e1rez<br> Nacionalidad: Mexicana<br> Correo: tioyimluna@gmail.com<\/p>\n\n\n\n<p>Formaci\u00f3n acad\u00e9mica:<br> Maestr\u00eda en Ciencias Antropol\u00f3gicas<br> Arte de conocimiento de CONACYT; 510000 Antropolog\u00eda; 510100 Antropolog\u00eda Cultural<\/p>\n\n\n\n<p>Experiencia acad\u00e9mica y laboral<br>\n1976, Investigador del Instituo Nacional de Recursos Bi\u00f3ticos<br>\n1979, Profesor &#8211; Investigador del Instituto Tecnol\u00f3gico de Oaxaca<br>\n1980, Secretario General de la organizaci\u00f3n en Defensa de los Recuros Naturales y Desarrollo Social de la Sierra Ju\u00e1rez de Oaxaca<br>\n1998, Investigador del Centro de Apoyo al Movimiento Popular de Oaxaca<br>\n2012, Maestro de asignatura del Instituto de Ciencias de la Educaci\u00f3n de la Universidad  Aut\u00f3noma Benito Ju\u00e1rez de Oaxaca<\/p>\n\n\n\n<p>Publicaciones:<br>\n1977, \u201cAqu\u00ed el que manda es el pueblo\u201d En revista Cuadernos Agrarios Num 5<br>\n1982, \u201cCultura Popular y Culturas Populares\u201d editado por Museo de Culturas Populares Coordinaci\u00f3n Guillermo Bonfil Batalla<br>\n1983 \u201cMovimientos ind\u00edgenas contempor\u00e1neos\u201d editado por III-UNAM coordinaci\u00f3n Arturo Warman<br>\n1983 \u201cComunalidad y Explotaci\u00f3n Forestal\u201d Memoria del Seminario sobre Ecoplanificaci\u00f3n, Instituto Tecnol\u00f3gico de Oaxaca<br>\n1985, \u201cPenetraci\u00f3n de capital y reproducci\u00f3n comunitaria\u201d Tesis de Maestr\u00eda en ciencias antropol\u00f3gicas en la unidad de humanidades de la Universidad Veracruzana<br>\n2003, Comunalidad y desarrollo editado por FONCA-CAMPO<br>\n2009, Eso que llaman Comunalidad editado por FONCA-CMPIO<br>\n2013, Textos sobre el camino andado Tomo 1 editado por CMPIO<br>\n2016, Textos sobre el camino andado Tomo 2 editado por CMPIO<br>\n2019, Pedagog\u00edas del Sur en Movimiento editado por BDIE-IIE, UV<\/p>\n\n\n\n<p>Trayectoria:<br>\n1981, Dise\u00f1o del proyecto de la radio regional<br>\n1983, Proceso ODRENSIJ, recuperaci\u00f3n de los bosques.<br>\n1983, As\u00ed es Mi Pueblo (disco)<br>\n1985, Inicio de la agrupaci\u00f3n Trova Serrana<br>\n1988, Me espera un pueblo, Vamos juntando todos (Discos)<br>\n1989, Gesti\u00f3n de la XEGLO<br>\n1990, Salida al aire de XEGLO 1400 am \u201cLa voz de la Sierra\u201d<br>\n1992, 500 a\u00f1os (disco)<br>\n1992, Revista de la Sierra ( Serie televisiva, salida por CORTV)<br>\n1994, Salida al aire del canal 12 \u201cNuestra Visi\u00f3n\u201d<br>\n1994, Cu\u00e1ntas Cosas (disco)<br>\n1998, Emisi\u00f3n de prueba de Estereo Comunal, 50watts.<br>\n2000, Salida al aire de Estereo Comunal, 300watts.<br>\n2003, Publicaci\u00f3n del Libro Comunalidad y Desarrollo.<br>\n2009, Eso que llaman comunalidad (Libro)<br>\n2012, Educaci\u00f3n Comunal (Libro)<br>\n2012, Textos Sobre el Camino andado Tomo I (Libro)<br>\n2014, Inicio de la maestr\u00eda Educaci\u00f3n Comunal, UABJO.&nbsp;<br>\n2015, Textos Sobre el Camino andado Tomo II (Libro)<\/p>\n\n\n\n<p><\/p>\n\n\n\n<iframe loading=\"lazy\" src=\"https:\/\/docs.google.com\/forms\/d\/e\/1FAIpQLSd0uIv1aLX3Gu-Zfl9MsJOd6LZAFRfT_sB-xTN34lCHCNre_w\/viewform?embedded=true\" width=\"640\" height=\"2729\" frameborder=\"0\" marginheight=\"0\" marginwidth=\"0\">Cargando\u2026<\/iframe>\n","protected":false},"excerpt":{"rendered":"<p>Jaime Mart\u00ednez Luna es originario de Guelatao de Ju\u00e1rez, el se define as\u00ed mismo como Zapoteco Serrano. Su trayectoria acad\u00e9mica e intelectual lo condujo a enunciar un concepto que seg\u00fan algunos especialistas resulta paradigm\u00e1tico y otros mas epistemol\u00f3gico, Comunalidad. Seg\u00fan Benjam\u00edn Maldonado Alvarado, uno de sus principales cr\u00edticos y analistas, afirma que la Comunalidad es &hellip; <\/p>\n<p class=\"link-more\"><a href=\"https:\/\/hagamoslumbre.org\/index.php\/jaimemartinezluna\/\" class=\"more-link\">Continuar leyendo<span class=\"screen-reader-text\"> &#8220;Jaime Mart\u00ednez Luna&#8221;<\/span><\/a><\/p>\n","protected":false},"author":2,"featured_media":139,"parent":0,"menu_order":0,"comment_status":"closed","ping_status":"closed","template":"","meta":{"footnotes":""},"class_list":["post-138","page","type-page","status-publish","has-post-thumbnail","hentry"],"_links":{"self":[{"href":"https:\/\/hagamoslumbre.org\/index.php\/wp-json\/wp\/v2\/pages\/138","targetHints":{"allow":["GET"]}}],"collection":[{"href":"https:\/\/hagamoslumbre.org\/index.php\/wp-json\/wp\/v2\/pages"}],"about":[{"href":"https:\/\/hagamoslumbre.org\/index.php\/wp-json\/wp\/v2\/types\/page"}],"author":[{"embeddable":true,"href":"https:\/\/hagamoslumbre.org\/index.php\/wp-json\/wp\/v2\/users\/2"}],"replies":[{"embeddable":true,"href":"https:\/\/hagamoslumbre.org\/index.php\/wp-json\/wp\/v2\/comments?post=138"}],"version-history":[{"count":1,"href":"https:\/\/hagamoslumbre.org\/index.php\/wp-json\/wp\/v2\/pages\/138\/revisions"}],"predecessor-version":[{"id":140,"href":"https:\/\/hagamoslumbre.org\/index.php\/wp-json\/wp\/v2\/pages\/138\/revisions\/140"}],"wp:featuredmedia":[{"embeddable":true,"href":"https:\/\/hagamoslumbre.org\/index.php\/wp-json\/wp\/v2\/media\/139"}],"wp:attachment":[{"href":"https:\/\/hagamoslumbre.org\/index.php\/wp-json\/wp\/v2\/media?parent=138"}],"curies":[{"name":"wp","href":"https:\/\/api.w.org\/{rel}","templated":true}]}}